{"id":350,"date":"2022-04-15T09:30:23","date_gmt":"2022-04-15T07:30:23","guid":{"rendered":"https:\/\/www.litografivesuviani.com\/main\/?page_id=350"},"modified":"2022-04-22T15:42:27","modified_gmt":"2022-04-22T13:42:27","slug":"mostra-fotografica-aletheia","status":"publish","type":"page","link":"https:\/\/www.litografivesuviani.com\/main\/mostra-fotografica-aletheia\/","title":{"rendered":"Mostra fotografica Aletheia"},"content":{"rendered":"<p class=\"attachment\"><a href='https:\/\/www.litografivesuviani.com\/main\/wp-content\/uploads\/2022\/04\/IMG_1115-scaled.jpg'><img fetchpriority=\"high\" decoding=\"async\" width=\"300\" height=\"200\" src=\"https:\/\/www.litografivesuviani.com\/main\/wp-content\/uploads\/2022\/04\/IMG_1115-300x200.jpg\" class=\"attachment-medium size-medium\" alt=\"todi aletheia\" srcset=\"https:\/\/www.litografivesuviani.com\/main\/wp-content\/uploads\/2022\/04\/IMG_1115-300x200.jpg 300w, https:\/\/www.litografivesuviani.com\/main\/wp-content\/uploads\/2022\/04\/IMG_1115-1024x683.jpg 1024w, https:\/\/www.litografivesuviani.com\/main\/wp-content\/uploads\/2022\/04\/IMG_1115-768x512.jpg 768w, https:\/\/www.litografivesuviani.com\/main\/wp-content\/uploads\/2022\/04\/IMG_1115-1536x1024.jpg 1536w, https:\/\/www.litografivesuviani.com\/main\/wp-content\/uploads\/2022\/04\/IMG_1115-2048x1365.jpg 2048w, https:\/\/www.litografivesuviani.com\/main\/wp-content\/uploads\/2022\/04\/IMG_1115-350x233.jpg 350w\" sizes=\"100vw\" \/><\/a><\/p>\n\t\t<div data-elementor-type=\"wp-page\" data-elementor-id=\"350\" class=\"elementor elementor-350\">\n\t\t\t\t\t\t<section class=\"elementor-section elementor-top-section elementor-element elementor-element-e2146110 elementor-section-boxed elementor-section-height-default elementor-section-height-default wpr-particle-no wpr-jarallax-no wpr-parallax-no wpr-sticky-section-no wpr-equal-height-no\" data-id=\"e2146110\" data-element_type=\"section\" data-e-type=\"section\">\n\t\t\t\t\t\t<div class=\"elementor-container elementor-column-gap-wide\">\n\t\t\t\t\t<div class=\"elementor-column elementor-col-50 elementor-top-column elementor-element elementor-element-29112674\" data-id=\"29112674\" data-element_type=\"column\" data-e-type=\"column\">\n\t\t\t<div class=\"elementor-widget-wrap elementor-element-populated\">\n\t\t\t\t\t\t<div class=\"elementor-element elementor-element-541262b7 wpr-grid-columns-3 wpr-grid-columns--tablet3 wpr-grid-columns--mobile1 wpr-grid-pagination-center elementor-widget elementor-widget-wpr-media-grid\" data-id=\"541262b7\" data-element_type=\"widget\" data-e-type=\"widget\" data-widget_type=\"wpr-media-grid.default\">\n\t\t\t\t<div class=\"elementor-widget-container\">\n\t\t\t\t\t<section class=\"wpr-grid wpr-media-grid elementor-clearfix\" data-settings=\"{&quot;layout&quot;:&quot;masonry&quot;,&quot;columns_desktop&quot;:&quot;3&quot;,&quot;gutter_hr&quot;:10,&quot;gutter_hr_mobile&quot;:10,&quot;gutter_hr_mobile_extra&quot;:10,&quot;gutter_hr_tablet&quot;:10,&quot;gutter_hr_tablet_extra&quot;:10,&quot;gutter_hr_laptop&quot;:10,&quot;gutter_hr_widescreen&quot;:10,&quot;gutter_vr&quot;:10,&quot;gutter_vr_mobile&quot;:10,&quot;gutter_vr_mobile_extra&quot;:10,&quot;gutter_vr_tablet&quot;:10,&quot;gutter_vr_tablet_extra&quot;:10,&quot;gutter_vr_laptop&quot;:10,&quot;gutter_vr_widescreen&quot;:10,&quot;animation&quot;:&quot;default&quot;,&quot;animation_duration&quot;:0.3,&quot;animation_delay&quot;:0.1,&quot;deeplinking&quot;:&quot;&quot;,&quot;filters_default_filter&quot;:&quot;&quot;,&quot;filters_linkable&quot;:&quot;no&quot;,&quot;filters_count&quot;:&quot;&quot;,&quot;filters_hide_empty&quot;:&quot;no&quot;,&quot;filters_animation&quot;:&quot;default&quot;,&quot;filters_animation_duration&quot;:0.3,&quot;filters_animation_delay&quot;:0.1,&quot;pagination_type&quot;:&quot;load-more&quot;,&quot;pagination_max_pages&quot;:2,&quot;lightbox&quot;:{&quot;selector&quot;:&quot;.wpr-grid-image-wrap&quot;,&quot;iframeMaxWidth&quot;:&quot;60%&quot;,&quot;hash&quot;:false,&quot;autoplay&quot;:&quot;&quot;,&quot;pause&quot;:5000,&quot;progressBar&quot;:&quot;true&quot;,&quot;counter&quot;:&quot;&quot;,&quot;controls&quot;:&quot;true&quot;,&quot;getCaptionFromTitleOrAlt&quot;:&quot;&quot;,&quot;thumbnail&quot;:&quot;&quot;,&quot;showThumbByDefault&quot;:&quot;&quot;,&quot;share&quot;:&quot;&quot;,&quot;zoom&quot;:&quot;true&quot;,&quot;fullScreen&quot;:&quot;&quot;,&quot;download&quot;:&quot;true&quot;}}\"><article class=\"wpr-grid-item elementor-clearfix post-366 attachment type-attachment status-inherit hentry\"><div class=\"wpr-grid-item-inner\"><div class=\"wpr-grid-media-wrap wpr-effect-size-small \"><div class=\"wpr-grid-image-wrap\" data-src=\"https:\/\/www.litografivesuviani.com\/main\/wp-content\/uploads\/2022\/04\/IMG_1652-scaled.jpg\"><img decoding=\"async\" src=\"https:\/\/www.litografivesuviani.com\/main\/wp-content\/uploads\/2022\/04\/IMG_1652-scaled.jpg\" alt=\"IMG_1652\" class=\"wpr-anim-timing-ease-default\"><\/div><div class=\"wpr-grid-media-hover wpr-animation-wrap\"><div class=\"wpr-grid-media-hover-bg  wpr-overlay-fade-in wpr-anim-size-large wpr-anim-timing-ease-default wpr-anim-transparency\" data-url=\"https:\/\/www.litografivesuviani.com\/main\/img_1652\/\"><\/div><div class=\"wpr-cv-container\"><div class=\"wpr-cv-outer\"><div class=\"wpr-cv-inner\"><div class=\"wpr-grid-media-hover-middle elementor-clearfix\"><div class=\"wpr-grid-item-lightbox elementor-repeater-item-4bbe6e0 wpr-grid-item-display-block wpr-grid-item-align-center wpr-element-fade-in wpr-anim-size-large wpr-anim-timing-ease-default wpr-anim-transparency\"><div class=\"inner-block\"><span data-src=\"https:\/\/www.litografivesuviani.com\/main\/wp-content\/uploads\/2022\/04\/IMG_1652-scaled.jpg\"><i class=\"fas fa-expand-arrows-alt\"><\/i><\/span><div class=\"wpr-grid-lightbox-overlay\"><\/div><\/div><\/div><\/div><\/div><\/div><\/div><\/div><\/div><\/div><\/article><article class=\"wpr-grid-item elementor-clearfix post-365 attachment type-attachment status-inherit hentry\"><div class=\"wpr-grid-item-inner\"><div class=\"wpr-grid-media-wrap wpr-effect-size-small \"><div class=\"wpr-grid-image-wrap\" data-src=\"https:\/\/www.litografivesuviani.com\/main\/wp-content\/uploads\/2022\/04\/IMG_1636-scaled.jpg\"><img decoding=\"async\" src=\"https:\/\/www.litografivesuviani.com\/main\/wp-content\/uploads\/2022\/04\/IMG_1636-scaled.jpg\" alt=\"IMG_1636\" class=\"wpr-anim-timing-ease-default\"><\/div><div class=\"wpr-grid-media-hover wpr-animation-wrap\"><div class=\"wpr-grid-media-hover-bg  wpr-overlay-fade-in wpr-anim-size-large wpr-anim-timing-ease-default wpr-anim-transparency\" data-url=\"https:\/\/www.litografivesuviani.com\/main\/img_1636\/\"><\/div><div class=\"wpr-cv-container\"><div class=\"wpr-cv-outer\"><div class=\"wpr-cv-inner\"><div class=\"wpr-grid-media-hover-middle elementor-clearfix\"><div class=\"wpr-grid-item-lightbox elementor-repeater-item-4bbe6e0 wpr-grid-item-display-block wpr-grid-item-align-center wpr-element-fade-in wpr-anim-size-large wpr-anim-timing-ease-default wpr-anim-transparency\"><div class=\"inner-block\"><span data-src=\"https:\/\/www.litografivesuviani.com\/main\/wp-content\/uploads\/2022\/04\/IMG_1636-scaled.jpg\"><i class=\"fas fa-expand-arrows-alt\"><\/i><\/span><div class=\"wpr-grid-lightbox-overlay\"><\/div><\/div><\/div><\/div><\/div><\/div><\/div><\/div><\/div><\/div><\/article><article class=\"wpr-grid-item elementor-clearfix post-364 attachment type-attachment status-inherit hentry\"><div class=\"wpr-grid-item-inner\"><div class=\"wpr-grid-media-wrap wpr-effect-size-small \"><div class=\"wpr-grid-image-wrap\" data-src=\"https:\/\/www.litografivesuviani.com\/main\/wp-content\/uploads\/2022\/04\/IMG_1616-scaled.jpg\"><img decoding=\"async\" src=\"https:\/\/www.litografivesuviani.com\/main\/wp-content\/uploads\/2022\/04\/IMG_1616-scaled.jpg\" alt=\"IMG_1616\" class=\"wpr-anim-timing-ease-default\"><\/div><div class=\"wpr-grid-media-hover wpr-animation-wrap\"><div class=\"wpr-grid-media-hover-bg  wpr-overlay-fade-in wpr-anim-size-large wpr-anim-timing-ease-default wpr-anim-transparency\" data-url=\"https:\/\/www.litografivesuviani.com\/main\/img_1616\/\"><\/div><div class=\"wpr-cv-container\"><div class=\"wpr-cv-outer\"><div class=\"wpr-cv-inner\"><div class=\"wpr-grid-media-hover-middle elementor-clearfix\"><div class=\"wpr-grid-item-lightbox elementor-repeater-item-4bbe6e0 wpr-grid-item-display-block wpr-grid-item-align-center wpr-element-fade-in wpr-anim-size-large wpr-anim-timing-ease-default wpr-anim-transparency\"><div class=\"inner-block\"><span data-src=\"https:\/\/www.litografivesuviani.com\/main\/wp-content\/uploads\/2022\/04\/IMG_1616-scaled.jpg\"><i class=\"fas fa-expand-arrows-alt\"><\/i><\/span><div class=\"wpr-grid-lightbox-overlay\"><\/div><\/div><\/div><\/div><\/div><\/div><\/div><\/div><\/div><\/div><\/article><article class=\"wpr-grid-item elementor-clearfix post-363 attachment type-attachment status-inherit hentry\"><div class=\"wpr-grid-item-inner\"><div class=\"wpr-grid-media-wrap wpr-effect-size-small \"><div class=\"wpr-grid-image-wrap\" data-src=\"https:\/\/www.litografivesuviani.com\/main\/wp-content\/uploads\/2022\/04\/IMG_1613-scaled.jpg\"><img decoding=\"async\" src=\"https:\/\/www.litografivesuviani.com\/main\/wp-content\/uploads\/2022\/04\/IMG_1613-scaled.jpg\" alt=\"IMG_1613\" class=\"wpr-anim-timing-ease-default\"><\/div><div class=\"wpr-grid-media-hover wpr-animation-wrap\"><div class=\"wpr-grid-media-hover-bg  wpr-overlay-fade-in wpr-anim-size-large wpr-anim-timing-ease-default wpr-anim-transparency\" data-url=\"https:\/\/www.litografivesuviani.com\/main\/img_1613\/\"><\/div><div class=\"wpr-cv-container\"><div class=\"wpr-cv-outer\"><div class=\"wpr-cv-inner\"><div class=\"wpr-grid-media-hover-middle elementor-clearfix\"><div class=\"wpr-grid-item-lightbox elementor-repeater-item-4bbe6e0 wpr-grid-item-display-block wpr-grid-item-align-center wpr-element-fade-in wpr-anim-size-large wpr-anim-timing-ease-default wpr-anim-transparency\"><div class=\"inner-block\"><span data-src=\"https:\/\/www.litografivesuviani.com\/main\/wp-content\/uploads\/2022\/04\/IMG_1613-scaled.jpg\"><i class=\"fas fa-expand-arrows-alt\"><\/i><\/span><div class=\"wpr-grid-lightbox-overlay\"><\/div><\/div><\/div><\/div><\/div><\/div><\/div><\/div><\/div><\/div><\/article><article class=\"wpr-grid-item elementor-clearfix post-362 attachment type-attachment status-inherit hentry\"><div class=\"wpr-grid-item-inner\"><div class=\"wpr-grid-media-wrap wpr-effect-size-small \"><div class=\"wpr-grid-image-wrap\" data-src=\"https:\/\/www.litografivesuviani.com\/main\/wp-content\/uploads\/2022\/04\/IMG_1606-scaled.jpg\"><img decoding=\"async\" src=\"https:\/\/www.litografivesuviani.com\/main\/wp-content\/uploads\/2022\/04\/IMG_1606-scaled.jpg\" alt=\"IMG_1606\" class=\"wpr-anim-timing-ease-default\"><\/div><div class=\"wpr-grid-media-hover wpr-animation-wrap\"><div class=\"wpr-grid-media-hover-bg  wpr-overlay-fade-in wpr-anim-size-large wpr-anim-timing-ease-default wpr-anim-transparency\" data-url=\"https:\/\/www.litografivesuviani.com\/main\/img_1606\/\"><\/div><div class=\"wpr-cv-container\"><div class=\"wpr-cv-outer\"><div class=\"wpr-cv-inner\"><div class=\"wpr-grid-media-hover-middle elementor-clearfix\"><div class=\"wpr-grid-item-lightbox elementor-repeater-item-4bbe6e0 wpr-grid-item-display-block wpr-grid-item-align-center wpr-element-fade-in wpr-anim-size-large wpr-anim-timing-ease-default wpr-anim-transparency\"><div class=\"inner-block\"><span data-src=\"https:\/\/www.litografivesuviani.com\/main\/wp-content\/uploads\/2022\/04\/IMG_1606-scaled.jpg\"><i class=\"fas fa-expand-arrows-alt\"><\/i><\/span><div class=\"wpr-grid-lightbox-overlay\"><\/div><\/div><\/div><\/div><\/div><\/div><\/div><\/div><\/div><\/div><\/article><article class=\"wpr-grid-item elementor-clearfix post-361 attachment type-attachment status-inherit hentry\"><div class=\"wpr-grid-item-inner\"><div class=\"wpr-grid-media-wrap wpr-effect-size-small \"><div class=\"wpr-grid-image-wrap\" data-src=\"https:\/\/www.litografivesuviani.com\/main\/wp-content\/uploads\/2022\/04\/IMG_1591-scaled.jpg\"><img decoding=\"async\" src=\"https:\/\/www.litografivesuviani.com\/main\/wp-content\/uploads\/2022\/04\/IMG_1591-scaled.jpg\" alt=\"IMG_1591\" class=\"wpr-anim-timing-ease-default\"><\/div><div class=\"wpr-grid-media-hover wpr-animation-wrap\"><div class=\"wpr-grid-media-hover-bg  wpr-overlay-fade-in wpr-anim-size-large wpr-anim-timing-ease-default wpr-anim-transparency\" data-url=\"https:\/\/www.litografivesuviani.com\/main\/img_1591\/\"><\/div><div class=\"wpr-cv-container\"><div class=\"wpr-cv-outer\"><div class=\"wpr-cv-inner\"><div class=\"wpr-grid-media-hover-middle elementor-clearfix\"><div class=\"wpr-grid-item-lightbox elementor-repeater-item-4bbe6e0 wpr-grid-item-display-block wpr-grid-item-align-center wpr-element-fade-in wpr-anim-size-large wpr-anim-timing-ease-default wpr-anim-transparency\"><div class=\"inner-block\"><span data-src=\"https:\/\/www.litografivesuviani.com\/main\/wp-content\/uploads\/2022\/04\/IMG_1591-scaled.jpg\"><i class=\"fas fa-expand-arrows-alt\"><\/i><\/span><div class=\"wpr-grid-lightbox-overlay\"><\/div><\/div><\/div><\/div><\/div><\/div><\/div><\/div><\/div><\/div><\/article><article class=\"wpr-grid-item elementor-clearfix post-360 attachment type-attachment status-inherit hentry\"><div class=\"wpr-grid-item-inner\"><div class=\"wpr-grid-media-wrap wpr-effect-size-small \"><div class=\"wpr-grid-image-wrap\" data-src=\"https:\/\/www.litografivesuviani.com\/main\/wp-content\/uploads\/2022\/04\/IMG_1584-scaled.jpg\"><img decoding=\"async\" src=\"https:\/\/www.litografivesuviani.com\/main\/wp-content\/uploads\/2022\/04\/IMG_1584-scaled.jpg\" alt=\"IMG_1584\" class=\"wpr-anim-timing-ease-default\"><\/div><div class=\"wpr-grid-media-hover wpr-animation-wrap\"><div class=\"wpr-grid-media-hover-bg  wpr-overlay-fade-in wpr-anim-size-large wpr-anim-timing-ease-default wpr-anim-transparency\" data-url=\"https:\/\/www.litografivesuviani.com\/main\/img_1584\/\"><\/div><div class=\"wpr-cv-container\"><div class=\"wpr-cv-outer\"><div class=\"wpr-cv-inner\"><div class=\"wpr-grid-media-hover-middle elementor-clearfix\"><div class=\"wpr-grid-item-lightbox elementor-repeater-item-4bbe6e0 wpr-grid-item-display-block wpr-grid-item-align-center wpr-element-fade-in wpr-anim-size-large wpr-anim-timing-ease-default wpr-anim-transparency\"><div class=\"inner-block\"><span data-src=\"https:\/\/www.litografivesuviani.com\/main\/wp-content\/uploads\/2022\/04\/IMG_1584-scaled.jpg\"><i class=\"fas fa-expand-arrows-alt\"><\/i><\/span><div class=\"wpr-grid-lightbox-overlay\"><\/div><\/div><\/div><\/div><\/div><\/div><\/div><\/div><\/div><\/div><\/article><article class=\"wpr-grid-item elementor-clearfix post-359 attachment type-attachment status-inherit hentry\"><div class=\"wpr-grid-item-inner\"><div class=\"wpr-grid-media-wrap wpr-effect-size-small \"><div class=\"wpr-grid-image-wrap\" data-src=\"https:\/\/www.litografivesuviani.com\/main\/wp-content\/uploads\/2022\/04\/IMG_1147-scaled.jpg\"><img decoding=\"async\" src=\"https:\/\/www.litografivesuviani.com\/main\/wp-content\/uploads\/2022\/04\/IMG_1147-scaled.jpg\" alt=\"IMG_1147\" class=\"wpr-anim-timing-ease-default\"><\/div><div class=\"wpr-grid-media-hover wpr-animation-wrap\"><div class=\"wpr-grid-media-hover-bg  wpr-overlay-fade-in wpr-anim-size-large wpr-anim-timing-ease-default wpr-anim-transparency\" data-url=\"https:\/\/www.litografivesuviani.com\/main\/img_1147\/\"><\/div><div class=\"wpr-cv-container\"><div class=\"wpr-cv-outer\"><div class=\"wpr-cv-inner\"><div class=\"wpr-grid-media-hover-middle elementor-clearfix\"><div class=\"wpr-grid-item-lightbox elementor-repeater-item-4bbe6e0 wpr-grid-item-display-block wpr-grid-item-align-center wpr-element-fade-in wpr-anim-size-large wpr-anim-timing-ease-default wpr-anim-transparency\"><div class=\"inner-block\"><span data-src=\"https:\/\/www.litografivesuviani.com\/main\/wp-content\/uploads\/2022\/04\/IMG_1147-scaled.jpg\"><i class=\"fas fa-expand-arrows-alt\"><\/i><\/span><div class=\"wpr-grid-lightbox-overlay\"><\/div><\/div><\/div><\/div><\/div><\/div><\/div><\/div><\/div><\/div><\/article><article class=\"wpr-grid-item elementor-clearfix post-358 attachment type-attachment status-inherit hentry\"><div class=\"wpr-grid-item-inner\"><div class=\"wpr-grid-media-wrap wpr-effect-size-small \"><div class=\"wpr-grid-image-wrap\" data-src=\"https:\/\/www.litografivesuviani.com\/main\/wp-content\/uploads\/2022\/04\/IMG_1115-scaled.jpg\"><img decoding=\"async\" src=\"https:\/\/www.litografivesuviani.com\/main\/wp-content\/uploads\/2022\/04\/IMG_1115-scaled.jpg\" alt=\"IMG_1115\" class=\"wpr-anim-timing-ease-default\"><\/div><div class=\"wpr-grid-media-hover wpr-animation-wrap\"><div class=\"wpr-grid-media-hover-bg  wpr-overlay-fade-in wpr-anim-size-large wpr-anim-timing-ease-default wpr-anim-transparency\" data-url=\"https:\/\/www.litografivesuviani.com\/main\/img_1115\/\"><\/div><div class=\"wpr-cv-container\"><div class=\"wpr-cv-outer\"><div class=\"wpr-cv-inner\"><div class=\"wpr-grid-media-hover-middle elementor-clearfix\"><div class=\"wpr-grid-item-lightbox elementor-repeater-item-4bbe6e0 wpr-grid-item-display-block wpr-grid-item-align-center wpr-element-fade-in wpr-anim-size-large wpr-anim-timing-ease-default wpr-anim-transparency\"><div class=\"inner-block\"><span data-src=\"https:\/\/www.litografivesuviani.com\/main\/wp-content\/uploads\/2022\/04\/IMG_1115-scaled.jpg\"><i class=\"fas fa-expand-arrows-alt\"><\/i><\/span><div class=\"wpr-grid-lightbox-overlay\"><\/div><\/div><\/div><\/div><\/div><\/div><\/div><\/div><\/div><\/div><\/article><\/section><div class=\"wpr-grid-pagination elementor-clearfix wpr-grid-pagination-load-more\"><a href=\"https:\/\/www.litografivesuviani.com\/main\/wp-json\/wp\/v2\/pages\/350\/page\/2\/\" class=\"wpr-load-more-btn\" data-e-disable-page-transition>Altre<\/a><div class=\"wpr-pagination-loading\"><div class=\"wpr-double-bounce\"><div class=\"wpr-child wpr-double-bounce1\"><\/div><div class=\"wpr-child wpr-double-bounce2\"><\/div><\/div><\/div><p class=\"wpr-pagination-finish\">End of Content.<\/p><\/div>\t\t\t\t<\/div>\n\t\t\t\t<\/div>\n\t\t\t\t\t<\/div>\n\t\t<\/div>\n\t\t\t\t<div class=\"elementor-column elementor-col-50 elementor-top-column elementor-element elementor-element-70530570\" data-id=\"70530570\" data-element_type=\"column\" data-e-type=\"column\">\n\t\t\t<div class=\"elementor-widget-wrap elementor-element-populated\">\n\t\t\t\t\t\t<div class=\"elementor-element elementor-element-3748bad8 elementor-widget elementor-widget-heading\" data-id=\"3748bad8\" data-element_type=\"widget\" data-e-type=\"widget\" data-widget_type=\"heading.default\">\n\t\t\t\t<div class=\"elementor-widget-container\">\n\t\t\t\t\t<h2 class=\"elementor-heading-title elementor-size-default\">Mostra Fotografica ALETHEIA<\/h2>\t\t\t\t<\/div>\n\t\t\t\t<\/div>\n\t\t\t\t<div class=\"elementor-element elementor-element-52bf9da elementor-widget elementor-widget-text-editor\" data-id=\"52bf9da\" data-element_type=\"widget\" data-e-type=\"widget\" data-widget_type=\"text-editor.default\">\n\t\t\t\t<div class=\"elementor-widget-container\">\n\t\t\t\t\t\t\t\t\t<p><strong>Festival della Fotografia Todimmagina<\/strong><\/p><p>Todi, 25\/26 settembre 2021<\/p>\t\t\t\t\t\t\t\t<\/div>\n\t\t\t\t<\/div>\n\t\t\t\t\t<\/div>\n\t\t<\/div>\n\t\t\t\t\t<\/div>\n\t\t<\/section>\n\t\t\t\t<section class=\"elementor-section elementor-top-section elementor-element elementor-element-ef8c1f7 elementor-section-boxed elementor-section-height-default elementor-section-height-default wpr-particle-no wpr-jarallax-no wpr-parallax-no wpr-sticky-section-no wpr-equal-height-no\" data-id=\"ef8c1f7\" data-element_type=\"section\" data-e-type=\"section\">\n\t\t\t\t\t\t<div class=\"elementor-container elementor-column-gap-default\">\n\t\t\t\t\t<div class=\"elementor-column elementor-col-100 elementor-top-column elementor-element elementor-element-aaf9a90\" data-id=\"aaf9a90\" data-element_type=\"column\" data-e-type=\"column\">\n\t\t\t<div class=\"elementor-widget-wrap elementor-element-populated\">\n\t\t\t\t\t\t<div class=\"elementor-element elementor-element-c89dafb elementor-widget elementor-widget-text-editor\" data-id=\"c89dafb\" data-element_type=\"widget\" data-e-type=\"widget\" data-widget_type=\"text-editor.default\">\n\t\t\t\t<div class=\"elementor-widget-container\">\n\t\t\t\t\t\t\t\t\t<p><span style=\"font-weight: 400;\">Il progetto fotografico <\/span><i><span style=\"font-weight: 400;\">ALETEIA<\/span><\/i><span style=\"font-weight: 400;\"> (dal greco <\/span><i><span style=\"font-weight: 400;\">svelamento<\/span><\/i><span style=\"font-weight: 400;\">, <\/span><i><span style=\"font-weight: 400;\">verit\u00e0<\/span><\/i><span style=\"font-weight: 400;\">) nasce durante il corso professionalizzante di fotografia <\/span><i><span style=\"font-weight: 400;\">Guardando Abrecal<\/span><\/i><span style=\"font-weight: 400;\">, che la cooperativa promuove in collaborazione con SPAZIO BAM la BOTTEGA DELLE ARTI del maestro internazionale Antonio Manta. La competenza professionale acquisita durante il corso offre ai nostri pazienti, ai fotografi, la possibilit\u00e0 di mettere a fuoco il mondo con nuovo sguardo, il loro. Le opere realizzate sono state scelte per essere presentate ed esposte in mostra al Festival Internazionale della Fotografia <\/span><i><span style=\"font-weight: 400;\">Todimmagina<\/span><\/i><span style=\"font-weight: 400;\">, il quale a causa delle restrizioni imposte dalla pandemia \u00e8 stato pi\u00f9 volte rimandato. Finalmente il 25 settembre 2021 i nostri fotografi sono in viaggio per Todi (PG), presentano alla conferenza di inaugurazione la Mostra Fotografica <\/span><i><span style=\"font-weight: 400;\">ALETEIA<\/span><\/i><span style=\"font-weight: 400;\">, la loro mostra che rester\u00e0 esposta a Palazzo del Vignola per due settimane. I fotografi, in questo progetto fotografico, sono sia <\/span><i><span style=\"font-weight: 400;\">modelli<\/span><\/i><span style=\"font-weight: 400;\"> che <\/span><i><span style=\"font-weight: 400;\">artisti<\/span><\/i><span style=\"font-weight: 400;\">, si sono reciprocamente ritratti in scambi di scatti, scambi di sguardi. I protagonisti di questo progetto hanno in comune un percorso di evoluzione e di emancipazione dal disagio mentale. Le foto raccontano <\/span><i><span style=\"font-weight: 400;\">corpi<\/span><\/i><span style=\"font-weight: 400;\"> che portano storie, con i loro colori, luci ed ombre. Ferite e rinascite di chi scatta e di chi guarda, ove lo spettatore coglie con le emozioni, i propri colori, luci ed ombre. Durante la presentazione della mostra, i nostri fotografi <\/span><span style=\"font-weight: 400;\">hanno effettuato delle performances insieme ad altri fotografi professionisti e in collaborazione con stampatori di fama nazionale ed internazionale. Con il supporto dei nostri operatori che hanno accompagnato gli utenti ed il sostegno dei donatori che hanno aderito al progetto di crawnfunding dedicato a questo progetto, i nostri fotografi hanno partecipato ad eventi e cene organizzati a Todi per gli autori delle mostre, hanno conosciuto e si sono confrontati con personalit\u00e0 di rilievo nel campo della fotografia nazionale, in particolare hanno ricevuto di persona gli omaggi del Maestro Luigi Loretoni. Un\u2019esperienza unica, importante soprattutto sul piano dell\u2019inclusione sociale. Spostarsi dal proprio territorio, il viaggio, il pernottamento presso un albergo, pranzi e cene in ristoranti prenotati insieme a tante persone, a tanti professionisti conosciuti in loco, tutti momenti inclusivi ma con elevati livelli di stress. I nostri utenti, sono riusciti a gestire, con il supporto degli operatori, ogni momento di condivisione e di confronto. Sicuramente \u00e8 stata una importante prova, durante la quale non si \u00e8 dovuta gestire alcuna crisi in emergenza, il contenimento ed il supporto degli operatori di riferimento hanno permesso di gestire i momenti di stress e di frustrazione.\u00a0 Tutto il programma si \u00e8 svolto nell\u2019osservanza delle norme e dei protocolli di sicurezza vigenti anti contagio Covid 19. <\/span><span style=\"font-weight: 400;\">Il progetto vedr\u00e0 nuovamente le opere dei nostri fotografi esposte in altre mostre fotografiche itineranti su tutto il territorio nazionale, gi\u00e0 in programmazione\u2026..<\/span><\/p><p><b><i>ALETEIA<\/i><\/b><b>: Viaggio di Rinascita<\/b><\/p><p><span style=\"font-weight: 400;\">L&#8217;esperienza della mostra \u00e8 stata un viaggio affascinante, una passeggiata introspettiva che ci ha portato a conoscere le nostre potenzialit\u00e0, non solo come aspiranti fotografi, ma anche come persone che sono in grado di raggiungere qualsiasi obiettivo con un pizzico di volont\u00e0 ed impegno. La complicit\u00e0 nel gruppo che si \u00e8 creata durante il percorso \u00e8 un qualcosa di indescrivibile e senza prezzo. Siamo ritornati a casa con una maggiore consapevolezza di noi stessi e del mondo che ci circonda.\u00a0<\/span><\/p><p><span style=\"font-weight: 400;\">\u00a0Michele<\/span><\/p><p><span style=\"font-weight: 400;\">Durante quest\u2019esperienza ho provato tante emozioni, la mostra sembrava un sogno, pi\u00f9 volte rimandata, poi \u00e8 diventata una realt\u00e0. E\u2019 stato un lungo viaggio di tante domande a cui ho trovato risposta, ho potuto riflettere sui miei lati pi\u00f9 profondi, nascosti, ora mi guardo con un nuovo sguardo, positivo, mi sento soddisfatto del lavoro svolto, di ci\u00f2 che sono riuscito a fare.\u00a0<\/span><\/p><p><span style=\"font-weight: 400;\">Andrea<\/span><\/p><p><span style=\"font-weight: 400;\">Non avevo mai viaggiato, mai visto una mostra. Il viaggio a Todi \u00e8 stato stupendo, un percorso tutto da scoprire. Ho provato stupore nel guardare la mia immagine nelle foto esposte l\u00e0 alla mostra, mi sono riconosciuta, mi \u00e8 battuto forte il cuore. La fotografia per me \u00e8 proprio un riflesso di te stesso, \u00e8 quello che mi da emozione. Spero di poter continuare a professionalizzarmi con la macchina fotografica e che la mostra abbia un seguito, che veda altri itinerari insieme a noi.<\/span><\/p><p><span style=\"font-weight: 400;\">Brigida<\/span><\/p><p><span style=\"font-weight: 400;\">La fotografia rispecchia la nostra anima, esprime attimi di tante emozioni. Imparare ad utilizzare la macchina fotografica significa non solo imparare la tecnica, ma imparare a mettere a fuoco le proprie emozioni. A Todi ho conosciuto fotografi ed amatori, personalit\u00e0 importanti, il solo pensiero che persone da tutta Italia siano venute a Todi a visitare la nostra mostra, mi ha riempito di orgoglio perch\u00e9 significa che davvero abbiamo saputo dimostrare tutte le nostre capacit\u00e0 e le competenze acquisite.\u00a0<\/span><\/p><p><span style=\"font-weight: 400;\">Sergio<\/span><\/p><p><span style=\"font-weight: 400;\">Presenziare alla nostra mostra a Todi, per me \u00e8 stato un viaggio di rinascita, io lo chiamo cos\u00ec, perch\u00e9 \u00e8 stata un&#8217;occasione per ritornare ad emozionarmi e finalmente per rompere quelle barriere che bloccavano\u00a0la mia mente. Ho dimostrato a me\u00a0stesso\u00a0di potercela fare, di essere in grado di esprimere le mie capacit\u00e0, chiss\u00e0 forse un giorno diventer\u00f2 un fotografo provetto!<\/span><\/p><p><span style=\"font-weight: 400;\">Andrea<\/span><\/p><p><span style=\"font-weight: 400;\">La fotografia \u00e8 uno strumento comunicativo importante e potente, nell&#8217;immagine sono proiettate\u00a0emozioni e impressioni. Apprendere quest\u2019arte mi ha consentito di guardare al mondo diversamente, di coglierne significati altri, pi\u00f9 sottili, come in un viaggio animico. La realizzazione della mostra fotografica mi ha permesso di vivere a Todi quanto questo strumento non sia solo l&#8217;articolazione di arte e scienza, ma possieda alte potenzialit\u00e0 di cogliere i significati spirituali e pi\u00f9 profondi. Questa esperienza spero, possa diventare l&#8217;esordio di un nuovo capitolo della mia vita, che mi veda come giornalista e fotoreporter.<\/span><\/p><p><span style=\"font-weight: 400;\">Vincenzo<\/span><\/p><p><i><span style=\"font-weight: 400;\">Ci teniamo a ringraziare la Cooperativa Litografi Vesuviani per averci permesso di\u00a0 realizzare questo progetto ed il nostro caro maestro di fotografia Antonio Manta. Un progetto che non si \u00e8 limitato soltanto a professionalizzarci nell\u2019arte della fotografia\u00a0 ma che ci ha consentito di uscire dal nostro guscio in punta di piedi e con ottimi risultati. <\/span><\/i><\/p>\t\t\t\t\t\t\t\t<\/div>\n\t\t\t\t<\/div>\n\t\t\t\t\t<\/div>\n\t\t<\/div>\n\t\t\t\t\t<\/div>\n\t\t<\/section>\n\t\t\t\t<\/div>\n\t\t","protected":false},"excerpt":{"rendered":"<p>Altre End of Content. Mostra Fotografica ALETHEIA Festival della Fotografia Todimmagina Todi, 25\/26 settembre 2021 Il progetto fotografico ALETEIA (dal greco svelamento, verit\u00e0) nasce durante il corso professionalizzante di fotografia Guardando Abrecal, che la cooperativa promuove in collaborazione con SPAZIO BAM la BOTTEGA DELLE ARTI del maestro internazionale Antonio Manta. La competenza professionale acquisita durante il corso offre ai nostri pazienti, ai fotografi, la possibilit\u00e0 di mettere a fuoco il mondo con nuovo sguardo, il loro. Le opere realizzate sono state scelte per essere presentate ed esposte in mostra al Festival Internazionale della Fotografia Todimmagina, il quale a causa delle restrizioni imposte dalla pandemia \u00e8 stato pi\u00f9 volte rimandato. Finalmente il 25 settembre 2021 i nostri fotografi sono in viaggio per Todi (PG), presentano alla conferenza di inaugurazione la Mostra Fotografica ALETEIA, la loro mostra che rester\u00e0 esposta a Palazzo del Vignola per due settimane. I fotografi, in questo progetto fotografico, sono sia modelli che artisti, si sono reciprocamente ritratti in scambi di scatti, scambi di sguardi. I protagonisti di questo progetto hanno in comune un percorso di evoluzione e di emancipazione dal disagio mentale. Le foto raccontano corpi che portano storie, con i loro colori, luci ed ombre. Ferite e rinascite di chi scatta e di chi guarda, ove lo spettatore coglie con le emozioni, i propri colori, luci ed ombre. Durante la presentazione della mostra, i nostri fotografi hanno effettuato delle performances insieme ad altri fotografi professionisti e in collaborazione con stampatori di fama nazionale ed internazionale. Con il supporto dei nostri operatori che hanno accompagnato gli utenti ed il sostegno dei donatori che hanno aderito al progetto di crawnfunding dedicato a questo progetto, i nostri fotografi hanno partecipato ad eventi e cene organizzati a Todi per gli autori delle mostre, hanno conosciuto e si sono confrontati con personalit\u00e0 di rilievo nel campo della fotografia nazionale, in particolare hanno ricevuto di persona gli omaggi del Maestro Luigi Loretoni. Un\u2019esperienza unica, importante soprattutto sul piano dell\u2019inclusione sociale. Spostarsi dal proprio territorio, il viaggio, il pernottamento presso un albergo, pranzi e cene in ristoranti prenotati insieme a tante persone, a tanti professionisti conosciuti in loco, tutti momenti inclusivi ma con elevati livelli di stress. I nostri utenti, sono riusciti a gestire, con il supporto degli operatori, ogni momento di condivisione e di confronto. Sicuramente \u00e8 stata una importante prova, durante la quale non si \u00e8 dovuta gestire alcuna crisi in emergenza, il contenimento ed il supporto degli operatori di riferimento hanno permesso di gestire i momenti di stress e di frustrazione.&nbsp; Tutto il programma si \u00e8 svolto nell\u2019osservanza delle norme e dei protocolli di sicurezza vigenti anti contagio Covid 19. Il progetto vedr\u00e0 nuovamente le opere dei nostri fotografi esposte in altre mostre fotografiche itineranti su tutto il territorio nazionale, gi\u00e0 in programmazione\u2026.. ALETEIA: Viaggio di Rinascita L&#8217;esperienza della mostra \u00e8 stata un viaggio affascinante, una passeggiata introspettiva che ci ha portato a conoscere le nostre potenzialit\u00e0, non solo come aspiranti fotografi, ma anche come persone che sono in grado di raggiungere qualsiasi obiettivo con un pizzico di volont\u00e0 ed impegno. La complicit\u00e0 nel gruppo che si \u00e8 creata durante il percorso \u00e8 un qualcosa di indescrivibile e senza prezzo. Siamo ritornati a casa con una maggiore consapevolezza di noi stessi e del mondo che ci circonda.&nbsp; &nbsp;Michele Durante quest\u2019esperienza ho provato tante emozioni, la mostra sembrava un sogno, pi\u00f9 volte rimandata, poi \u00e8 diventata una realt\u00e0. E\u2019 stato un lungo viaggio di tante domande a cui ho trovato risposta, ho potuto riflettere sui miei lati pi\u00f9 profondi, nascosti, ora mi guardo con un nuovo sguardo, positivo, mi sento soddisfatto del lavoro svolto, di ci\u00f2 che sono riuscito a fare.&nbsp; Andrea Non avevo mai viaggiato, mai visto una mostra. Il viaggio a Todi \u00e8 stato stupendo, un percorso tutto da scoprire. Ho provato stupore nel guardare la mia immagine nelle foto esposte l\u00e0 alla mostra, mi sono riconosciuta, mi \u00e8 battuto forte il cuore. La fotografia per me \u00e8 proprio un riflesso di te stesso, \u00e8 quello che mi da emozione. Spero di poter continuare a professionalizzarmi con la macchina fotografica e che la mostra abbia un seguito, che veda altri itinerari insieme a noi. Brigida La fotografia rispecchia la nostra anima, esprime attimi di tante emozioni. Imparare ad utilizzare la macchina fotografica significa non solo imparare la tecnica, ma imparare a mettere a fuoco le proprie emozioni. A Todi ho conosciuto fotografi ed amatori, personalit\u00e0 importanti, il solo pensiero che persone da tutta Italia siano venute a Todi a visitare la nostra mostra, mi ha riempito di orgoglio perch\u00e9 significa che davvero abbiamo saputo dimostrare tutte le nostre capacit\u00e0 e le competenze acquisite.&nbsp; Sergio Presenziare alla nostra mostra a Todi, per me \u00e8 stato un viaggio di rinascita, io lo chiamo cos\u00ec, perch\u00e9 \u00e8 stata un&#8217;occasione per ritornare ad emozionarmi e finalmente per rompere quelle barriere che bloccavano&nbsp;la mia mente. Ho dimostrato a me&nbsp;stesso&nbsp;di potercela fare, di essere in grado di esprimere le mie capacit\u00e0, chiss\u00e0 forse un giorno diventer\u00f2 un fotografo provetto! Andrea La fotografia \u00e8 uno strumento comunicativo importante e potente, nell&#8217;immagine sono proiettate&nbsp;emozioni e impressioni. Apprendere quest\u2019arte mi ha consentito di guardare al mondo diversamente, di coglierne significati altri, pi\u00f9 sottili, come in un viaggio animico. La realizzazione della mostra fotografica mi ha permesso di vivere a Todi quanto questo strumento non sia solo l&#8217;articolazione di arte e scienza, ma possieda alte potenzialit\u00e0 di cogliere i significati spirituali e pi\u00f9 profondi. Questa esperienza spero, possa diventare l&#8217;esordio di un nuovo capitolo della mia vita, che mi veda come giornalista e fotoreporter. Vincenzo Ci teniamo a ringraziare la Cooperativa Litografi Vesuviani per averci permesso di&nbsp; realizzare questo progetto ed il nostro caro maestro di fotografia Antonio Manta. Un progetto che non si \u00e8 limitato soltanto a professionalizzarci nell\u2019arte della fotografia&nbsp; ma che ci ha consentito di uscire dal nostro guscio in punta di piedi e con ottimi risultati.<\/p>\n","protected":false},"author":1,"featured_media":366,"parent":0,"menu_order":0,"comment_status":"closed","ping_status":"closed","template":"elementor_header_footer","meta":{"give_campaign_id":0,"pgc_sgb_lightbox_settings":"","footnotes":""},"class_list":["post-350","page","type-page","status-publish","has-post-thumbnail","hentry"],"yoast_head":"<!-- This site is optimized with the Yoast SEO plugin v27.5 - https:\/\/yoast.com\/product\/yoast-seo-wordpress\/ -->\r\n<title>Mostra fotografica Aletheia - Litografi Vesuviani<\/title>\r\n<meta name=\"robots\" content=\"index, follow, max-snippet:-1, max-image-preview:large, max-video-preview:-1\" \/>\r\n<link rel=\"canonical\" href=\"https:\/\/www.litografivesuviani.com\/main\/mostra-fotografica-aletheia\/\" \/>\r\n<meta property=\"og:locale\" content=\"it_IT\" \/>\r\n<meta property=\"og:type\" content=\"article\" \/>\r\n<meta property=\"og:title\" content=\"Mostra fotografica Aletheia - Litografi Vesuviani\" \/>\r\n<meta property=\"og:description\" content=\"Altre End of Content. Mostra Fotografica ALETHEIA Festival della Fotografia Todimmagina Todi, 25\/26 settembre 2021 Il progetto fotografico ALETEIA (dal greco svelamento, verit\u00e0) nasce durante il corso professionalizzante di fotografia Guardando Abrecal, che la cooperativa promuove in collaborazione con SPAZIO BAM la BOTTEGA DELLE ARTI del maestro internazionale Antonio Manta. La competenza professionale acquisita durante il corso offre ai nostri pazienti, ai fotografi, la possibilit\u00e0 di mettere a fuoco il mondo con nuovo sguardo, il loro. Le opere realizzate sono state scelte per essere presentate ed esposte in mostra al Festival Internazionale della Fotografia Todimmagina, il quale a causa delle restrizioni imposte dalla pandemia \u00e8 stato pi\u00f9 volte rimandato. Finalmente il 25 settembre 2021 i nostri fotografi sono in viaggio per Todi (PG), presentano alla conferenza di inaugurazione la Mostra Fotografica ALETEIA, la loro mostra che rester\u00e0 esposta a Palazzo del Vignola per due settimane. I fotografi, in questo progetto fotografico, sono sia modelli che artisti, si sono reciprocamente ritratti in scambi di scatti, scambi di sguardi. I protagonisti di questo progetto hanno in comune un percorso di evoluzione e di emancipazione dal disagio mentale. Le foto raccontano corpi che portano storie, con i loro colori, luci ed ombre. Ferite e rinascite di chi scatta e di chi guarda, ove lo spettatore coglie con le emozioni, i propri colori, luci ed ombre. Durante la presentazione della mostra, i nostri fotografi hanno effettuato delle performances insieme ad altri fotografi professionisti e in collaborazione con stampatori di fama nazionale ed internazionale. Con il supporto dei nostri operatori che hanno accompagnato gli utenti ed il sostegno dei donatori che hanno aderito al progetto di crawnfunding dedicato a questo progetto, i nostri fotografi hanno partecipato ad eventi e cene organizzati a Todi per gli autori delle mostre, hanno conosciuto e si sono confrontati con personalit\u00e0 di rilievo nel campo della fotografia nazionale, in particolare hanno ricevuto di persona gli omaggi del Maestro Luigi Loretoni. Un\u2019esperienza unica, importante soprattutto sul piano dell\u2019inclusione sociale. Spostarsi dal proprio territorio, il viaggio, il pernottamento presso un albergo, pranzi e cene in ristoranti prenotati insieme a tante persone, a tanti professionisti conosciuti in loco, tutti momenti inclusivi ma con elevati livelli di stress. I nostri utenti, sono riusciti a gestire, con il supporto degli operatori, ogni momento di condivisione e di confronto. Sicuramente \u00e8 stata una importante prova, durante la quale non si \u00e8 dovuta gestire alcuna crisi in emergenza, il contenimento ed il supporto degli operatori di riferimento hanno permesso di gestire i momenti di stress e di frustrazione.&nbsp; Tutto il programma si \u00e8 svolto nell\u2019osservanza delle norme e dei protocolli di sicurezza vigenti anti contagio Covid 19. Il progetto vedr\u00e0 nuovamente le opere dei nostri fotografi esposte in altre mostre fotografiche itineranti su tutto il territorio nazionale, gi\u00e0 in programmazione\u2026.. ALETEIA: Viaggio di Rinascita L&#8217;esperienza della mostra \u00e8 stata un viaggio affascinante, una passeggiata introspettiva che ci ha portato a conoscere le nostre potenzialit\u00e0, non solo come aspiranti fotografi, ma anche come persone che sono in grado di raggiungere qualsiasi obiettivo con un pizzico di volont\u00e0 ed impegno. La complicit\u00e0 nel gruppo che si \u00e8 creata durante il percorso \u00e8 un qualcosa di indescrivibile e senza prezzo. Siamo ritornati a casa con una maggiore consapevolezza di noi stessi e del mondo che ci circonda.&nbsp; &nbsp;Michele Durante quest\u2019esperienza ho provato tante emozioni, la mostra sembrava un sogno, pi\u00f9 volte rimandata, poi \u00e8 diventata una realt\u00e0. E\u2019 stato un lungo viaggio di tante domande a cui ho trovato risposta, ho potuto riflettere sui miei lati pi\u00f9 profondi, nascosti, ora mi guardo con un nuovo sguardo, positivo, mi sento soddisfatto del lavoro svolto, di ci\u00f2 che sono riuscito a fare.&nbsp; Andrea Non avevo mai viaggiato, mai visto una mostra. Il viaggio a Todi \u00e8 stato stupendo, un percorso tutto da scoprire. Ho provato stupore nel guardare la mia immagine nelle foto esposte l\u00e0 alla mostra, mi sono riconosciuta, mi \u00e8 battuto forte il cuore. La fotografia per me \u00e8 proprio un riflesso di te stesso, \u00e8 quello che mi da emozione. Spero di poter continuare a professionalizzarmi con la macchina fotografica e che la mostra abbia un seguito, che veda altri itinerari insieme a noi. Brigida La fotografia rispecchia la nostra anima, esprime attimi di tante emozioni. Imparare ad utilizzare la macchina fotografica significa non solo imparare la tecnica, ma imparare a mettere a fuoco le proprie emozioni. A Todi ho conosciuto fotografi ed amatori, personalit\u00e0 importanti, il solo pensiero che persone da tutta Italia siano venute a Todi a visitare la nostra mostra, mi ha riempito di orgoglio perch\u00e9 significa che davvero abbiamo saputo dimostrare tutte le nostre capacit\u00e0 e le competenze acquisite.&nbsp; Sergio Presenziare alla nostra mostra a Todi, per me \u00e8 stato un viaggio di rinascita, io lo chiamo cos\u00ec, perch\u00e9 \u00e8 stata un&#8217;occasione per ritornare ad emozionarmi e finalmente per rompere quelle barriere che bloccavano&nbsp;la mia mente. Ho dimostrato a me&nbsp;stesso&nbsp;di potercela fare, di essere in grado di esprimere le mie capacit\u00e0, chiss\u00e0 forse un giorno diventer\u00f2 un fotografo provetto! Andrea La fotografia \u00e8 uno strumento comunicativo importante e potente, nell&#8217;immagine sono proiettate&nbsp;emozioni e impressioni. Apprendere quest\u2019arte mi ha consentito di guardare al mondo diversamente, di coglierne significati altri, pi\u00f9 sottili, come in un viaggio animico. La realizzazione della mostra fotografica mi ha permesso di vivere a Todi quanto questo strumento non sia solo l&#8217;articolazione di arte e scienza, ma possieda alte potenzialit\u00e0 di cogliere i significati spirituali e pi\u00f9 profondi. Questa esperienza spero, possa diventare l&#8217;esordio di un nuovo capitolo della mia vita, che mi veda come giornalista e fotoreporter. Vincenzo Ci teniamo a ringraziare la Cooperativa Litografi Vesuviani per averci permesso di&nbsp; realizzare questo progetto ed il nostro caro maestro di fotografia Antonio Manta. Un progetto che non si \u00e8 limitato soltanto a professionalizzarci nell\u2019arte della fotografia&nbsp; ma che ci ha consentito di uscire dal nostro guscio in punta di piedi e con ottimi risultati.\" \/>\r\n<meta property=\"og:url\" content=\"https:\/\/www.litografivesuviani.com\/main\/mostra-fotografica-aletheia\/\" \/>\r\n<meta property=\"og:site_name\" content=\"Litografi Vesuviani\" \/>\r\n<meta property=\"article:publisher\" content=\"https:\/\/www.facebook.com\/Litografi.Vesuviani\" \/>\r\n<meta property=\"article:modified_time\" content=\"2022-04-22T13:42:27+00:00\" \/>\r\n<meta property=\"og:image\" content=\"https:\/\/www.litografivesuviani.com\/main\/wp-content\/uploads\/2022\/04\/IMG_1652-scaled.jpg\" \/>\r\n\t<meta property=\"og:image:width\" content=\"2560\" \/>\r\n\t<meta property=\"og:image:height\" content=\"1707\" \/>\r\n\t<meta property=\"og:image:type\" content=\"image\/jpeg\" \/>\r\n<meta name=\"twitter:card\" content=\"summary_large_image\" \/>\r\n<meta name=\"twitter:site\" content=\"@litovesuviani\" \/>\r\n<meta name=\"twitter:label1\" content=\"Tempo di lettura stimato\" \/>\n\t<meta name=\"twitter:data1\" content=\"5 minuti\" \/>\r\n<script type=\"application\/ld+json\" class=\"yoast-schema-graph\">{\"@context\":\"https:\\\/\\\/schema.org\",\"@graph\":[{\"@type\":\"WebPage\",\"@id\":\"https:\\\/\\\/www.litografivesuviani.com\\\/main\\\/mostra-fotografica-aletheia\\\/\",\"url\":\"https:\\\/\\\/www.litografivesuviani.com\\\/main\\\/mostra-fotografica-aletheia\\\/\",\"name\":\"Mostra fotografica Aletheia - Litografi Vesuviani\",\"isPartOf\":{\"@id\":\"https:\\\/\\\/www.litografivesuviani.com\\\/main\\\/#website\"},\"primaryImageOfPage\":{\"@id\":\"https:\\\/\\\/www.litografivesuviani.com\\\/main\\\/mostra-fotografica-aletheia\\\/#primaryimage\"},\"image\":{\"@id\":\"https:\\\/\\\/www.litografivesuviani.com\\\/main\\\/mostra-fotografica-aletheia\\\/#primaryimage\"},\"thumbnailUrl\":\"https:\\\/\\\/www.litografivesuviani.com\\\/main\\\/wp-content\\\/uploads\\\/2022\\\/04\\\/IMG_1652-scaled.jpg\",\"datePublished\":\"2022-04-15T07:30:23+00:00\",\"dateModified\":\"2022-04-22T13:42:27+00:00\",\"breadcrumb\":{\"@id\":\"https:\\\/\\\/www.litografivesuviani.com\\\/main\\\/mostra-fotografica-aletheia\\\/#breadcrumb\"},\"inLanguage\":\"it-IT\",\"potentialAction\":[{\"@type\":\"ReadAction\",\"target\":[\"https:\\\/\\\/www.litografivesuviani.com\\\/main\\\/mostra-fotografica-aletheia\\\/\"]}]},{\"@type\":\"ImageObject\",\"inLanguage\":\"it-IT\",\"@id\":\"https:\\\/\\\/www.litografivesuviani.com\\\/main\\\/mostra-fotografica-aletheia\\\/#primaryimage\",\"url\":\"https:\\\/\\\/www.litografivesuviani.com\\\/main\\\/wp-content\\\/uploads\\\/2022\\\/04\\\/IMG_1652-scaled.jpg\",\"contentUrl\":\"https:\\\/\\\/www.litografivesuviani.com\\\/main\\\/wp-content\\\/uploads\\\/2022\\\/04\\\/IMG_1652-scaled.jpg\",\"width\":2560,\"height\":1707,\"caption\":\"todi aletheia\"},{\"@type\":\"BreadcrumbList\",\"@id\":\"https:\\\/\\\/www.litografivesuviani.com\\\/main\\\/mostra-fotografica-aletheia\\\/#breadcrumb\",\"itemListElement\":[{\"@type\":\"ListItem\",\"position\":1,\"name\":\"Home\",\"item\":\"https:\\\/\\\/www.litografivesuviani.com\\\/main\\\/\"},{\"@type\":\"ListItem\",\"position\":2,\"name\":\"Mostra fotografica Aletheia\"}]},{\"@type\":\"WebSite\",\"@id\":\"https:\\\/\\\/www.litografivesuviani.com\\\/main\\\/#website\",\"url\":\"https:\\\/\\\/www.litografivesuviani.com\\\/main\\\/\",\"name\":\"Litografi Vesuviani\",\"description\":\"\",\"publisher\":{\"@id\":\"https:\\\/\\\/www.litografivesuviani.com\\\/main\\\/#organization\"},\"potentialAction\":[{\"@type\":\"SearchAction\",\"target\":{\"@type\":\"EntryPoint\",\"urlTemplate\":\"https:\\\/\\\/www.litografivesuviani.com\\\/main\\\/?s={search_term_string}\"},\"query-input\":{\"@type\":\"PropertyValueSpecification\",\"valueRequired\":true,\"valueName\":\"search_term_string\"}}],\"inLanguage\":\"it-IT\"},{\"@type\":\"Organization\",\"@id\":\"https:\\\/\\\/www.litografivesuviani.com\\\/main\\\/#organization\",\"name\":\"Litografi Vesuviani - Servizi Salute e Lavoro - Soc. Coop. Soc. a r.l.\",\"url\":\"https:\\\/\\\/www.litografivesuviani.com\\\/main\\\/\",\"logo\":{\"@type\":\"ImageObject\",\"inLanguage\":\"it-IT\",\"@id\":\"https:\\\/\\\/www.litografivesuviani.com\\\/main\\\/#\\\/schema\\\/logo\\\/image\\\/\",\"url\":\"https:\\\/\\\/www.litografivesuviani.com\\\/main\\\/wp-content\\\/uploads\\\/2022\\\/04\\\/cropped-logo_quadrato.png\",\"contentUrl\":\"https:\\\/\\\/www.litografivesuviani.com\\\/main\\\/wp-content\\\/uploads\\\/2022\\\/04\\\/cropped-logo_quadrato.png\",\"width\":512,\"height\":512,\"caption\":\"Litografi Vesuviani - Servizi Salute e Lavoro - Soc. Coop. Soc. a r.l.\"},\"image\":{\"@id\":\"https:\\\/\\\/www.litografivesuviani.com\\\/main\\\/#\\\/schema\\\/logo\\\/image\\\/\"},\"sameAs\":[\"https:\\\/\\\/www.facebook.com\\\/Litografi.Vesuviani\",\"https:\\\/\\\/x.com\\\/litovesuviani\",\"https:\\\/\\\/www.instagram.com\\\/litografivesuviani\",\"https:\\\/\\\/www.youtube.com\\\/channel\\\/UCjA6m1P7docgpva_Mn2OXBQ\",\"https:\\\/\\\/it.linkedin.com\\\/company\\\/litografi-vesuviani-cooperativa-sociale\"]}]}<\/script>\r\n<!-- \/ Yoast SEO plugin. -->","yoast_head_json":{"title":"Mostra fotografica Aletheia - Litografi Vesuviani","robots":{"index":"index","follow":"follow","max-snippet":"max-snippet:-1","max-image-preview":"max-image-preview:large","max-video-preview":"max-video-preview:-1"},"canonical":"https:\/\/www.litografivesuviani.com\/main\/mostra-fotografica-aletheia\/","og_locale":"it_IT","og_type":"article","og_title":"Mostra fotografica Aletheia - Litografi Vesuviani","og_description":"Altre End of Content. Mostra Fotografica ALETHEIA Festival della Fotografia Todimmagina Todi, 25\/26 settembre 2021 Il progetto fotografico ALETEIA (dal greco svelamento, verit\u00e0) nasce durante il corso professionalizzante di fotografia Guardando Abrecal, che la cooperativa promuove in collaborazione con SPAZIO BAM la BOTTEGA DELLE ARTI del maestro internazionale Antonio Manta. La competenza professionale acquisita durante il corso offre ai nostri pazienti, ai fotografi, la possibilit\u00e0 di mettere a fuoco il mondo con nuovo sguardo, il loro. Le opere realizzate sono state scelte per essere presentate ed esposte in mostra al Festival Internazionale della Fotografia Todimmagina, il quale a causa delle restrizioni imposte dalla pandemia \u00e8 stato pi\u00f9 volte rimandato. Finalmente il 25 settembre 2021 i nostri fotografi sono in viaggio per Todi (PG), presentano alla conferenza di inaugurazione la Mostra Fotografica ALETEIA, la loro mostra che rester\u00e0 esposta a Palazzo del Vignola per due settimane. I fotografi, in questo progetto fotografico, sono sia modelli che artisti, si sono reciprocamente ritratti in scambi di scatti, scambi di sguardi. I protagonisti di questo progetto hanno in comune un percorso di evoluzione e di emancipazione dal disagio mentale. Le foto raccontano corpi che portano storie, con i loro colori, luci ed ombre. Ferite e rinascite di chi scatta e di chi guarda, ove lo spettatore coglie con le emozioni, i propri colori, luci ed ombre. Durante la presentazione della mostra, i nostri fotografi hanno effettuato delle performances insieme ad altri fotografi professionisti e in collaborazione con stampatori di fama nazionale ed internazionale. Con il supporto dei nostri operatori che hanno accompagnato gli utenti ed il sostegno dei donatori che hanno aderito al progetto di crawnfunding dedicato a questo progetto, i nostri fotografi hanno partecipato ad eventi e cene organizzati a Todi per gli autori delle mostre, hanno conosciuto e si sono confrontati con personalit\u00e0 di rilievo nel campo della fotografia nazionale, in particolare hanno ricevuto di persona gli omaggi del Maestro Luigi Loretoni. Un\u2019esperienza unica, importante soprattutto sul piano dell\u2019inclusione sociale. Spostarsi dal proprio territorio, il viaggio, il pernottamento presso un albergo, pranzi e cene in ristoranti prenotati insieme a tante persone, a tanti professionisti conosciuti in loco, tutti momenti inclusivi ma con elevati livelli di stress. I nostri utenti, sono riusciti a gestire, con il supporto degli operatori, ogni momento di condivisione e di confronto. Sicuramente \u00e8 stata una importante prova, durante la quale non si \u00e8 dovuta gestire alcuna crisi in emergenza, il contenimento ed il supporto degli operatori di riferimento hanno permesso di gestire i momenti di stress e di frustrazione.&nbsp; Tutto il programma si \u00e8 svolto nell\u2019osservanza delle norme e dei protocolli di sicurezza vigenti anti contagio Covid 19. Il progetto vedr\u00e0 nuovamente le opere dei nostri fotografi esposte in altre mostre fotografiche itineranti su tutto il territorio nazionale, gi\u00e0 in programmazione\u2026.. ALETEIA: Viaggio di Rinascita L&#8217;esperienza della mostra \u00e8 stata un viaggio affascinante, una passeggiata introspettiva che ci ha portato a conoscere le nostre potenzialit\u00e0, non solo come aspiranti fotografi, ma anche come persone che sono in grado di raggiungere qualsiasi obiettivo con un pizzico di volont\u00e0 ed impegno. La complicit\u00e0 nel gruppo che si \u00e8 creata durante il percorso \u00e8 un qualcosa di indescrivibile e senza prezzo. Siamo ritornati a casa con una maggiore consapevolezza di noi stessi e del mondo che ci circonda.&nbsp; &nbsp;Michele Durante quest\u2019esperienza ho provato tante emozioni, la mostra sembrava un sogno, pi\u00f9 volte rimandata, poi \u00e8 diventata una realt\u00e0. E\u2019 stato un lungo viaggio di tante domande a cui ho trovato risposta, ho potuto riflettere sui miei lati pi\u00f9 profondi, nascosti, ora mi guardo con un nuovo sguardo, positivo, mi sento soddisfatto del lavoro svolto, di ci\u00f2 che sono riuscito a fare.&nbsp; Andrea Non avevo mai viaggiato, mai visto una mostra. Il viaggio a Todi \u00e8 stato stupendo, un percorso tutto da scoprire. Ho provato stupore nel guardare la mia immagine nelle foto esposte l\u00e0 alla mostra, mi sono riconosciuta, mi \u00e8 battuto forte il cuore. La fotografia per me \u00e8 proprio un riflesso di te stesso, \u00e8 quello che mi da emozione. Spero di poter continuare a professionalizzarmi con la macchina fotografica e che la mostra abbia un seguito, che veda altri itinerari insieme a noi. Brigida La fotografia rispecchia la nostra anima, esprime attimi di tante emozioni. Imparare ad utilizzare la macchina fotografica significa non solo imparare la tecnica, ma imparare a mettere a fuoco le proprie emozioni. A Todi ho conosciuto fotografi ed amatori, personalit\u00e0 importanti, il solo pensiero che persone da tutta Italia siano venute a Todi a visitare la nostra mostra, mi ha riempito di orgoglio perch\u00e9 significa che davvero abbiamo saputo dimostrare tutte le nostre capacit\u00e0 e le competenze acquisite.&nbsp; Sergio Presenziare alla nostra mostra a Todi, per me \u00e8 stato un viaggio di rinascita, io lo chiamo cos\u00ec, perch\u00e9 \u00e8 stata un&#8217;occasione per ritornare ad emozionarmi e finalmente per rompere quelle barriere che bloccavano&nbsp;la mia mente. Ho dimostrato a me&nbsp;stesso&nbsp;di potercela fare, di essere in grado di esprimere le mie capacit\u00e0, chiss\u00e0 forse un giorno diventer\u00f2 un fotografo provetto! Andrea La fotografia \u00e8 uno strumento comunicativo importante e potente, nell&#8217;immagine sono proiettate&nbsp;emozioni e impressioni. Apprendere quest\u2019arte mi ha consentito di guardare al mondo diversamente, di coglierne significati altri, pi\u00f9 sottili, come in un viaggio animico. La realizzazione della mostra fotografica mi ha permesso di vivere a Todi quanto questo strumento non sia solo l&#8217;articolazione di arte e scienza, ma possieda alte potenzialit\u00e0 di cogliere i significati spirituali e pi\u00f9 profondi. Questa esperienza spero, possa diventare l&#8217;esordio di un nuovo capitolo della mia vita, che mi veda come giornalista e fotoreporter. Vincenzo Ci teniamo a ringraziare la Cooperativa Litografi Vesuviani per averci permesso di&nbsp; realizzare questo progetto ed il nostro caro maestro di fotografia Antonio Manta. Un progetto che non si \u00e8 limitato soltanto a professionalizzarci nell\u2019arte della fotografia&nbsp; ma che ci ha consentito di uscire dal nostro guscio in punta di piedi e con ottimi risultati.","og_url":"https:\/\/www.litografivesuviani.com\/main\/mostra-fotografica-aletheia\/","og_site_name":"Litografi Vesuviani","article_publisher":"https:\/\/www.facebook.com\/Litografi.Vesuviani","article_modified_time":"2022-04-22T13:42:27+00:00","og_image":[{"width":2560,"height":1707,"url":"https:\/\/www.litografivesuviani.com\/main\/wp-content\/uploads\/2022\/04\/IMG_1652-scaled.jpg","type":"image\/jpeg"}],"twitter_card":"summary_large_image","twitter_site":"@litovesuviani","twitter_misc":{"Tempo di lettura stimato":"5 minuti"},"schema":{"@context":"https:\/\/schema.org","@graph":[{"@type":"WebPage","@id":"https:\/\/www.litografivesuviani.com\/main\/mostra-fotografica-aletheia\/","url":"https:\/\/www.litografivesuviani.com\/main\/mostra-fotografica-aletheia\/","name":"Mostra fotografica Aletheia - Litografi Vesuviani","isPartOf":{"@id":"https:\/\/www.litografivesuviani.com\/main\/#website"},"primaryImageOfPage":{"@id":"https:\/\/www.litografivesuviani.com\/main\/mostra-fotografica-aletheia\/#primaryimage"},"image":{"@id":"https:\/\/www.litografivesuviani.com\/main\/mostra-fotografica-aletheia\/#primaryimage"},"thumbnailUrl":"https:\/\/www.litografivesuviani.com\/main\/wp-content\/uploads\/2022\/04\/IMG_1652-scaled.jpg","datePublished":"2022-04-15T07:30:23+00:00","dateModified":"2022-04-22T13:42:27+00:00","breadcrumb":{"@id":"https:\/\/www.litografivesuviani.com\/main\/mostra-fotografica-aletheia\/#breadcrumb"},"inLanguage":"it-IT","potentialAction":[{"@type":"ReadAction","target":["https:\/\/www.litografivesuviani.com\/main\/mostra-fotografica-aletheia\/"]}]},{"@type":"ImageObject","inLanguage":"it-IT","@id":"https:\/\/www.litografivesuviani.com\/main\/mostra-fotografica-aletheia\/#primaryimage","url":"https:\/\/www.litografivesuviani.com\/main\/wp-content\/uploads\/2022\/04\/IMG_1652-scaled.jpg","contentUrl":"https:\/\/www.litografivesuviani.com\/main\/wp-content\/uploads\/2022\/04\/IMG_1652-scaled.jpg","width":2560,"height":1707,"caption":"todi aletheia"},{"@type":"BreadcrumbList","@id":"https:\/\/www.litografivesuviani.com\/main\/mostra-fotografica-aletheia\/#breadcrumb","itemListElement":[{"@type":"ListItem","position":1,"name":"Home","item":"https:\/\/www.litografivesuviani.com\/main\/"},{"@type":"ListItem","position":2,"name":"Mostra fotografica Aletheia"}]},{"@type":"WebSite","@id":"https:\/\/www.litografivesuviani.com\/main\/#website","url":"https:\/\/www.litografivesuviani.com\/main\/","name":"Litografi Vesuviani","description":"","publisher":{"@id":"https:\/\/www.litografivesuviani.com\/main\/#organization"},"potentialAction":[{"@type":"SearchAction","target":{"@type":"EntryPoint","urlTemplate":"https:\/\/www.litografivesuviani.com\/main\/?s={search_term_string}"},"query-input":{"@type":"PropertyValueSpecification","valueRequired":true,"valueName":"search_term_string"}}],"inLanguage":"it-IT"},{"@type":"Organization","@id":"https:\/\/www.litografivesuviani.com\/main\/#organization","name":"Litografi Vesuviani - Servizi Salute e Lavoro - Soc. Coop. Soc. a r.l.","url":"https:\/\/www.litografivesuviani.com\/main\/","logo":{"@type":"ImageObject","inLanguage":"it-IT","@id":"https:\/\/www.litografivesuviani.com\/main\/#\/schema\/logo\/image\/","url":"https:\/\/www.litografivesuviani.com\/main\/wp-content\/uploads\/2022\/04\/cropped-logo_quadrato.png","contentUrl":"https:\/\/www.litografivesuviani.com\/main\/wp-content\/uploads\/2022\/04\/cropped-logo_quadrato.png","width":512,"height":512,"caption":"Litografi Vesuviani - Servizi Salute e Lavoro - Soc. Coop. Soc. a r.l."},"image":{"@id":"https:\/\/www.litografivesuviani.com\/main\/#\/schema\/logo\/image\/"},"sameAs":["https:\/\/www.facebook.com\/Litografi.Vesuviani","https:\/\/x.com\/litovesuviani","https:\/\/www.instagram.com\/litografivesuviani","https:\/\/www.youtube.com\/channel\/UCjA6m1P7docgpva_Mn2OXBQ","https:\/\/it.linkedin.com\/company\/litografi-vesuviani-cooperativa-sociale"]}]}},"campaignId":"","_links":{"self":[{"href":"https:\/\/www.litografivesuviani.com\/main\/wp-json\/wp\/v2\/pages\/350","targetHints":{"allow":["GET"]}}],"collection":[{"href":"https:\/\/www.litografivesuviani.com\/main\/wp-json\/wp\/v2\/pages"}],"about":[{"href":"https:\/\/www.litografivesuviani.com\/main\/wp-json\/wp\/v2\/types\/page"}],"author":[{"embeddable":true,"href":"https:\/\/www.litografivesuviani.com\/main\/wp-json\/wp\/v2\/users\/1"}],"replies":[{"embeddable":true,"href":"https:\/\/www.litografivesuviani.com\/main\/wp-json\/wp\/v2\/comments?post=350"}],"version-history":[{"count":8,"href":"https:\/\/www.litografivesuviani.com\/main\/wp-json\/wp\/v2\/pages\/350\/revisions"}],"predecessor-version":[{"id":762,"href":"https:\/\/www.litografivesuviani.com\/main\/wp-json\/wp\/v2\/pages\/350\/revisions\/762"}],"wp:featuredmedia":[{"embeddable":true,"href":"https:\/\/www.litografivesuviani.com\/main\/wp-json\/wp\/v2\/media\/366"}],"wp:attachment":[{"href":"https:\/\/www.litografivesuviani.com\/main\/wp-json\/wp\/v2\/media?parent=350"}],"curies":[{"name":"wp","href":"https:\/\/api.w.org\/{rel}","templated":true}]}}